{"id":374,"date":"2025-02-02T10:39:25","date_gmt":"2025-02-02T09:39:25","guid":{"rendered":"https:\/\/sbk-factory.de\/?page_id=374"},"modified":"2025-09-24T09:25:42","modified_gmt":"2025-09-24T07:25:42","slug":"trackday","status":"publish","type":"page","link":"https:\/\/sbk-factory.de\/?page_id=374","title":{"rendered":"Events"},"content":{"rendered":"<p>[et_pb_section fb_built=&#8220;1&#8243; admin_label=&#8220;section&#8220; _builder_version=&#8220;3.22.1&#8243; use_background_color_gradient=&#8220;on&#8220; background_image=&#8220;https:\/\/sbk-factory.de\/wp-content\/uploads\/2025\/02\/Most_Track_Background.png&#8220; parallax=&#8220;on&#8220; custom_padding=&#8220;0px|||||&#8220; da_disable_devices=&#8220;off|off|off&#8220; da_is_popup=&#8220;off&#8220; da_exit_intent=&#8220;off&#8220; da_has_close=&#8220;on&#8220; da_alt_close=&#8220;off&#8220; da_dark_close=&#8220;off&#8220; da_not_modal=&#8220;on&#8220; da_is_singular=&#8220;off&#8220; da_with_loader=&#8220;off&#8220; da_has_shadow=&#8220;on&#8220;][et_pb_row _builder_version=&#8220;3.22.1&#8243;][et_pb_column type=&#8220;4_4&#8243; _builder_version=&#8220;3.22.1&#8243;][et_pb_blurb title=&#8220;Zeitraum: 01.10.2025 bis 02.10.2025 (Autodrom Most)&#8220; _builder_version=&#8220;3.22.1&#8243; header_level=&#8220;h3&#8243; header_font=&#8220;||||||||&#8220; header_text_align=&#8220;center&#8220; background_color=&#8220;rgba(0,0,0,0.83)&#8220; box_shadow_style=&#8220;preset1&#8243; text_shadow_style=&#8220;preset1&#8243;][\/et_pb_blurb][\/et_pb_column][\/et_pb_row][et_pb_row _builder_version=&#8220;3.22.1&#8243; background_color=&#8220;rgba(0,0,0,0.17)&#8220; module_alignment=&#8220;center&#8220;][et_pb_column type=&#8220;1_3&#8243; _builder_version=&#8220;3.22.1&#8243;][et_pb_button button_url=&#8220;mailto:trackday@sbk-factory.de?subject=Anmeldung%20Most-Event%202025&#038;body=Hallo%2C%0D%0A%0D%0Aich%20habe%20Interesse%20am%20Event%20und%20moechte%20mich%20gerne%20dazu%20anmelden.%0D%0A%0D%0AMeine%20Daten%3A%0D%0AVorname%20%2F%20Nachname%0D%0ATelefonnummer%0D%0AFahrzeug%20(Modell%20%2B%20Baujahr)%0D%0AErfahrungen%20auf%20der%20Rennstrecke%3F%0D%0A%0D%0AVielen%20Dank%0D%0A%20&#8243; url_new_window=&#8220;on&#8220; button_text=&#8220;Anmeldung per E-MAIL&#8220; button_alignment=&#8220;center&#8220; _builder_version=&#8220;3.22.1&#8243; custom_button=&#8220;on&#8220; button_bg_color=&#8220;rgba(0,0,0,0.65)&#8220; button_border_color=&#8220;#e02b20&#8243; button_border_radius=&#8220;100px&#8220; button_font=&#8220;SBK||||||||&#8220; button_icon=&#8220;%%238%%&#8220; button_text_shadow_style=&#8220;preset1&#8243;][\/et_pb_button][\/et_pb_column][et_pb_column type=&#8220;1_3&#8243; _builder_version=&#8220;3.22.1&#8243;][et_pb_button button_url=&#8220;https:\/\/wa.me\/+4915128922226?text=Ich%20moechte%20micht%20fuer%20das%20Event%20in%20Most%20anmelden.&#8220; url_new_window=&#8220;on&#8220; button_text=&#8220;Anmeldung per WhatsApp&#8220; button_alignment=&#8220;center&#8220; _builder_version=&#8220;3.22.1&#8243; custom_button=&#8220;on&#8220; button_bg_color=&#8220;rgba(0,0,0,0.65)&#8220; button_border_width=&#8220;2px&#8220; button_border_color=&#8220;#e02b20&#8243; button_border_radius=&#8220;100px&#8220; button_font=&#8220;SBK||||||||&#8220; button_icon=&#8220;%%85%%&#8220; button_text_shadow_style=&#8220;preset1&#8243; button_text_shadow_color=&#8220;#000000&#8243;][\/et_pb_button][\/et_pb_column][et_pb_column type=&#8220;1_3&#8243; _builder_version=&#8220;3.22.1&#8243;][et_pb_button button_url=&#8220;tel:+4915128922226&#8243; url_new_window=&#8220;on&#8220; button_text=&#8220;Anmeldung per Telefon&#8220; button_alignment=&#8220;center&#8220; _builder_version=&#8220;3.22.1&#8243; custom_button=&#8220;on&#8220; button_bg_color=&#8220;rgba(0,0,0,0.65)&#8220; button_border_color=&#8220;#e02b20&#8243; button_border_radius=&#8220;100px&#8220; button_font=&#8220;SBK||||||||&#8220; button_icon=&#8220;%%264%%&#8220; button_text_shadow_style=&#8220;preset1&#8243;][\/et_pb_button][\/et_pb_column][\/et_pb_row][et_pb_row _builder_version=&#8220;3.22.1&#8243;][et_pb_column type=&#8220;4_4&#8243; _builder_version=&#8220;3.22.1&#8243;][et_pb_blurb title=&#8220;PREISE UND GEB\u00dcHREN:&#8220; _builder_version=&#8220;3.22.1&#8243; background_color=&#8220;rgba(0,0,0,0.39)&#8220; custom_padding=&#8220;||39px|||&#8220; text_shadow_style=&#8220;preset1&#8243;]<\/p>\n<table width=\"155\" height=\"157\">\n<tbody>\n<tr>\n<td style=\"width: 69.5px;\">1-Tag Fahren<\/td>\n<td style=\"width: 69.5px;\">Preis auf Anfrage<\/td>\n<\/tr>\n<tr>\n<td style=\"width: 69.5px;\">2-Tage Fahren*<\/td>\n<td style=\"width: 69.5px;\"><strong>500<\/strong> ,-<\/td>\n<\/tr>\n<tr>\n<td style=\"width: 69.5px;\">Zeitmessung Rundenzeiten (Optional)<\/td>\n<td style=\"width: 69.5px;\">20 ,-<\/td>\n<\/tr>\n<tr>\n<td style=\"width: 69.5px;\">Teilnahme am Rennen (Optional)<\/td>\n<td style=\"width: 69.5px;\">20 &amp; 40 ,-<\/td>\n<\/tr>\n<tr>\n<td style=\"width: 69.5px;\">\n<p>Pers\u00f6nliche Box anmieten*<\/p>\n<p>(bis zu 6 Personen)<\/p>\n<\/td>\n<td style=\"width: 69.5px;\">135 ,- pro Tag<\/td>\n<\/tr>\n<tr>\n<td style=\"width: 69.5px;\">Pers\u00f6nliches Onboarding und Vorbereitungsma\u00dfnahmen f\u00fcr Neulinge &amp; Wiedereinsteiger<\/td>\n<td style=\"width: 69.5px;\">inklusive auf Anfrage<\/td>\n<\/tr>\n<tr>\n<td style=\"width: 69.5px;\">Instruktor f\u00fcr die ersten Einf\u00fchrungsrunden<\/td>\n<td style=\"width: 69.5px;\">inklusive auf Anfrage<\/td>\n<\/tr>\n<tr>\n<td style=\"width: 69.5px;\">Reifenvorbestellung inkl. Mitnahme und Montage vor Ort**<\/td>\n<td style=\"width: 69.5px;\">inklusive auf Anfrage<\/td>\n<\/tr>\n<\/tbody>\n<\/table>\n<p>*Preis inklusive gesetzlicher MwSt. (19%)<\/p>\n<p>**Reifen Preisliste wird nach bei der Anmeldung mit \u00fcbermittelt.<\/p>\n<p>Widerrufsrecht nach Anmeldung: 14 Tage<\/p>\n<p>&nbsp;<\/p>\n<p>[\/et_pb_blurb][\/et_pb_column][\/et_pb_row][et_pb_row _builder_version=&#8220;3.22.1&#8243; min_height=&#8220;601.8px&#8220;][et_pb_column type=&#8220;4_4&#8243; _builder_version=&#8220;3.22.1&#8243;][et_pb_blurb title=&#8220;EVENTBESCHREIBUNG:&#8220; content_max_width=&#8220;997px&#8220; _builder_version=&#8220;3.22.1&#8243; header_level=&#8220;h1&#8243; header_text_shadow_style=&#8220;preset3&#8243; body_font=&#8220;Arial|800||on|||||&#8220; body_text_align=&#8220;left&#8220; body_text_shadow_style=&#8220;preset3&#8243; background_color=&#8220;rgba(0,0,0,0.63)&#8220; text_shadow_style=&#8220;preset4&#8243; text_shadow_blur_strength=&#8220;0.18em&#8220;]<\/p>\n<ul>\n<li style=\"text-align: left;\">Einsteigerfreundliche Veranstaltung in 3 oder 4 Geschwindigkeitsgruppen.*<\/li>\n<li style=\"text-align: left;\">Instruktionen speziell f\u00fcr Anf\u00e4nger: Schritt f\u00fcr Schritt mit erfahrenen Guides.<\/li>\n<li style=\"text-align: left;\">Entspannte, famili\u00e4re Atmosph\u00e4re: Hier f\u00fchlst du dich willkommen.<\/li>\n<li style=\"text-align: left;\">Pers\u00f6nliches Onboarding: Wir bereiten dich individuell vor, damit du sicher starten kannst.<\/li>\n<li style=\"text-align: left;\">Gemeinsamer Streckenrundgang: Wir bereiten dich perfekt auf deine ersten Runden vor.<\/li>\n<li style=\"text-align: left;\">Flexible Umgruppierung: Du bist zu schnell oder zu langsam. Wir k\u00fcmmern uns darum!<\/li>\n<li style=\"text-align: left;\">Reifen-Vorbestellung &amp; Beratung: Bequem bei uns bestellen, Montage vor Ort inklusive.<\/li>\n<li style=\"text-align: left;\">Wenig Teilnehmer pro Gruppe: Stressfreies Fahren dank \u00fcberschaubarer Teilnehmerzahl.<\/li>\n<li style=\"text-align: left;\">Mobile technische Abnahme: Alles direkt an deinem Platz gepr\u00fcft.<\/li>\n<li>Deine eigene Startnummer: Mach das Event zu deinem pers\u00f6nlichen Highlight.<\/li>\n<li>Teilnehmerurkunde: Eine Erinnerung an deinen gro\u00dfartigen Tag.<\/li>\n<li>Rookie, Sprint- oder Langdistanz-Rennen: Spannung und Spa\u00df f\u00fcr jedes Level.<\/li>\n<li>Fotoservice: Professionelle Bilder vor Ort.<\/li>\n<li>Siegerehrung: Gemeinsam feiern wir deine Erfolge.<\/li>\n<li>(*Randnotiz) Die Gruppenanzahl kann variieren, je nach teilnehmerfeld.<\/li>\n<\/ul>\n<p>[\/et_pb_blurb][\/et_pb_column][\/et_pb_row][et_pb_row _builder_version=&#8220;3.22.1&#8243;][et_pb_column type=&#8220;1_4&#8243; _builder_version=&#8220;3.22.1&#8243;][et_pb_counters use_percentages=&#8220;off&#8220; _builder_version=&#8220;3.22.1&#8243;][et_pb_counter percent=&#8220;50&#8243; bar_background_color=&#8220;#7cda24&#8243; _builder_version=&#8220;3.22.1&#8243; title_font=&#8220;||||||||&#8220; title_text_color=&#8220;#ffffff&#8220; title_text_shadow_style=&#8220;preset1&#8243; background_color_default=&#8220;#dddddd&#8220; parallax_default=&#8220;off&#8220; parallax_method_default=&#8220;on&#8220; bar_background_color_default=&#8220;#333134&#8243; use_percentages=&#8220;off&#8220; allow_player_pause_default=&#8220;off&#8220;]Gruppe A (Neulinge)[\/et_pb_counter][\/et_pb_counters][\/et_pb_column][et_pb_column type=&#8220;1_4&#8243; _builder_version=&#8220;3.22.1&#8243;][et_pb_counters _builder_version=&#8220;3.22.1&#8243;][et_pb_counter percent=&#8220;95&#8243; bar_background_color=&#8220;#e02b20&#8243; _builder_version=&#8220;3.22.1&#8243; title_font=&#8220;||||||||&#8220; title_text_color=&#8220;#ffffff&#8220; percent_font=&#8220;||||||||&#8220; percent_text_color=&#8220;rgba(0,0,0,0)&#8220; background_color_default=&#8220;#dddddd&#8220; parallax_default=&#8220;off&#8220; parallax_method_default=&#8220;on&#8220; bar_background_color_default=&#8220;#333134&#8243; use_percentages=&#8220;on&#8220; allow_player_pause_default=&#8220;off&#8220;]Gruppe B (Langsam)[\/et_pb_counter][\/et_pb_counters][\/et_pb_column][et_pb_column type=&#8220;1_4&#8243; _builder_version=&#8220;3.22.1&#8243;][et_pb_counters _builder_version=&#8220;3.22.1&#8243;][et_pb_counter percent=&#8220;60&#8243; bar_background_color=&#8220;#edf000&#8243; _builder_version=&#8220;3.22.1&#8243; title_font=&#8220;||||||||&#8220; title_text_color=&#8220;#ffffff&#8220; title_text_shadow_style=&#8220;preset1&#8243; percent_font=&#8220;||||||||&#8220; percent_text_color=&#8220;rgba(0,0,0,0)&#8220; background_color_default=&#8220;#dddddd&#8220; parallax_default=&#8220;off&#8220; parallax_method_default=&#8220;on&#8220; bar_background_color_default=&#8220;#333134&#8243; use_percentages=&#8220;on&#8220; allow_player_pause_default=&#8220;off&#8220;]Gruppe C (Sportfahrer)[\/et_pb_counter][\/et_pb_counters][\/et_pb_column][et_pb_column type=&#8220;1_4&#8243; _builder_version=&#8220;3.22.1&#8243;][et_pb_counters _builder_version=&#8220;3.22.1&#8243; title_font=&#8220;||||||||&#8220; percent_font=&#8220;||||||||&#8220;][et_pb_counter percent=&#8220;80&#8243; bar_background_color=&#8220;#edf000&#8243; _builder_version=&#8220;3.22.1&#8243; title_font=&#8220;||||||||&#8220; title_text_color=&#8220;#ffffff&#8220; title_text_shadow_style=&#8220;preset1&#8243; percent_font=&#8220;||||||||&#8220; percent_text_color=&#8220;rgba(0,0,0,0)&#8220; text_shadow_style=&#8220;preset1&#8243; text_shadow_color=&#8220;rgba(0,0,0,0)&#8220; background_color_default=&#8220;#dddddd&#8220; parallax_default=&#8220;off&#8220; parallax_method_default=&#8220;on&#8220; bar_background_color_default=&#8220;#333134&#8243; use_percentages=&#8220;on&#8220; allow_player_pause_default=&#8220;off&#8220;]Gruppe D (Racer)[\/et_pb_counter][\/et_pb_counters][\/et_pb_column][\/et_pb_row][\/et_pb_section]<\/p>\n","protected":false},"excerpt":{"rendered":"<p>[et_pb_section fb_built=&#8220;1&#8243; admin_label=&#8220;section&#8220; _builder_version=&#8220;3.22.1&#8243; use_background_color_gradient=&#8220;on&#8220; background_image=&#8220;https:\/\/sbk-factory.de\/wp-content\/uploads\/2025\/02\/Most_Track_Background.png&#8220; parallax=&#8220;on&#8220; custom_padding=&#8220;0px|||||&#8220; da_disable_devices=&#8220;off|off|off&#8220; da_is_popup=&#8220;off&#8220; da_exit_intent=&#8220;off&#8220; da_has_close=&#8220;on&#8220; da_alt_close=&#8220;off&#8220; da_dark_close=&#8220;off&#8220; da_not_modal=&#8220;on&#8220; da_is_singular=&#8220;off&#8220; da_with_loader=&#8220;off&#8220; da_has_shadow=&#8220;on&#8220;][et_pb_row _builder_version=&#8220;3.22.1&#8243;][et_pb_column type=&#8220;4_4&#8243; _builder_version=&#8220;3.22.1&#8243;][et_pb_blurb title=&#8220;Zeitraum: 01.10.2025 bis 02.10.2025 (Autodrom Most)&#8220; _builder_version=&#8220;3.22.1&#8243; header_level=&#8220;h3&#8243; header_font=&#8220;||||||||&#8220; header_text_align=&#8220;center&#8220; background_color=&#8220;rgba(0,0,0,0.83)&#8220; box_shadow_style=&#8220;preset1&#8243; text_shadow_style=&#8220;preset1&#8243;][\/et_pb_blurb][\/et_pb_column][\/et_pb_row][et_pb_row _builder_version=&#8220;3.22.1&#8243; background_color=&#8220;rgba(0,0,0,0.17)&#8220; module_alignment=&#8220;center&#8220;][et_pb_column type=&#8220;1_3&#8243; _builder_version=&#8220;3.22.1&#8243;][et_pb_button button_url=&#8220;mailto:trackday@sbk-factory.de?subject=Anmeldung%20Most-Event%202025&#038;body=Hallo%2C%0D%0A%0D%0Aich%20habe%20Interesse%20am%20Event%20und%20moechte%20mich%20gerne%20dazu%20anmelden.%0D%0A%0D%0AMeine%20Daten%3A%0D%0AVorname%20%2F%20Nachname%0D%0ATelefonnummer%0D%0AFahrzeug%20(Modell%20%2B%20Baujahr)%0D%0AErfahrungen%20auf%20der%20Rennstrecke%3F%0D%0A%0D%0AVielen%20Dank%0D%0A%20&#8243; url_new_window=&#8220;on&#8220; button_text=&#8220;Anmeldung per E-MAIL&#8220; button_alignment=&#8220;center&#8220; _builder_version=&#8220;3.22.1&#8243; custom_button=&#8220;on&#8220; button_bg_color=&#8220;rgba(0,0,0,0.65)&#8220; button_border_color=&#8220;#e02b20&#8243; button_border_radius=&#8220;100px&#8220; button_font=&#8220;SBK||||||||&#8220; button_icon=&#8220;%%238%%&#8220; button_text_shadow_style=&#8220;preset1&#8243;][\/et_pb_button][\/et_pb_column][et_pb_column type=&#8220;1_3&#8243; _builder_version=&#8220;3.22.1&#8243;][et_pb_button [&hellip;]<\/p>\n","protected":false},"author":1,"featured_media":0,"parent":0,"menu_order":0,"comment_status":"closed","ping_status":"closed","template":"","meta":{"_et_pb_use_builder":"on","_et_pb_old_content":"<!-- wp:buttons -->\n<div class=\"wp-block-buttons\"><!-- wp:button -->\n<div class=\"wp-block-button\"><a class=\"wp-block-button__link wp-element-button\">Anmeldung per E-MAIL<\/a><\/div>\n<!-- \/wp:button --><\/div>\n<!-- \/wp:buttons -->\n\n<!-- wp:buttons -->\n<div class=\"wp-block-buttons\"><!-- wp:button -->\n<div class=\"wp-block-button\"><a class=\"wp-block-button__link wp-element-button\">Anmeldung per WhatsApp<\/a><\/div>\n<!-- \/wp:button --><\/div>\n<!-- \/wp:buttons -->","footnotes":""},"class_list":["post-374","page","type-page","status-publish","hentry"],"_links":{"self":[{"href":"https:\/\/sbk-factory.de\/index.php?rest_route=\/wp\/v2\/pages\/374","targetHints":{"allow":["GET"]}}],"collection":[{"href":"https:\/\/sbk-factory.de\/index.php?rest_route=\/wp\/v2\/pages"}],"about":[{"href":"https:\/\/sbk-factory.de\/index.php?rest_route=\/wp\/v2\/types\/page"}],"author":[{"embeddable":true,"href":"https:\/\/sbk-factory.de\/index.php?rest_route=\/wp\/v2\/users\/1"}],"replies":[{"embeddable":true,"href":"https:\/\/sbk-factory.de\/index.php?rest_route=%2Fwp%2Fv2%2Fcomments&post=374"}],"version-history":[{"count":29,"href":"https:\/\/sbk-factory.de\/index.php?rest_route=\/wp\/v2\/pages\/374\/revisions"}],"predecessor-version":[{"id":507,"href":"https:\/\/sbk-factory.de\/index.php?rest_route=\/wp\/v2\/pages\/374\/revisions\/507"}],"wp:attachment":[{"href":"https:\/\/sbk-factory.de\/index.php?rest_route=%2Fwp%2Fv2%2Fmedia&parent=374"}],"curies":[{"name":"wp","href":"https:\/\/api.w.org\/{rel}","templated":true}]}}